{"id":312,"date":"2021-05-12T04:59:14","date_gmt":"2021-05-12T02:59:14","guid":{"rendered":"https:\/\/feinsinn.ch\/eu\/home\/"},"modified":"2023-01-30T18:11:15","modified_gmt":"2023-01-30T17:11:15","slug":"olio-extra-vergine-di-oliva-biologico","status":"publish","type":"page","link":"https:\/\/feinsinn.ch\/eu\/","title":{"rendered":"Olio Extra Vergine di Oliva &#8211; Biologico"},"content":{"rendered":"\n<div class=\"wp-block-cover has-background-dim hdm-home-cover\" style=\"background-color:#97a789\"><div class=\"wp-block-cover__inner-container\">\n<div class=\"wp-block-columns hdm-home-spalten-oben\">\n<div class=\"wp-block-column is-vertically-aligned-center hdm-home-spalte-links\" style=\"flex-basis:50%\">\n<h1>FEINSINN<\/h1>\n\n\n\n<p>OLIO EXTRA VERGINE DI OLIVA<br>BIOLOGICO<\/p>\n\n\n\n<div class=\"wp-block-buttons hdm-home-button\">\n<div class=\"wp-block-button is-style-outline\"><a class=\"wp-block-button__link\" href=\"https:\/\/feinsinn.ch\/eu\/biologisches-olivenoel\/\">zum Shop<\/a><\/div>\n<\/div>\n<\/div>\n\n\n\n<div class=\"wp-block-column is-vertically-aligned-top hdm-home-spalte-rechts\" style=\"flex-basis:50%\">\n<div class=\"wp-block-image hdm-home-flasche\"><figure class=\"alignleft size-full\"><img width=\"312\" height=\"800\" src=\"https:\/\/feinsinn.ch\/eu\/wp-content\/uploads\/sites\/2\/2021\/08\/olio_header_home.png\" alt=\"feinsinn Olio Extra Vergine di Oliva - Biologico\" class=\"wp-image-457\" srcset=\"https:\/\/feinsinn.ch\/eu\/wp-content\/uploads\/sites\/2\/2021\/08\/olio_header_home.png 312w, https:\/\/feinsinn.ch\/eu\/wp-content\/uploads\/sites\/2\/2021\/08\/olio_header_home-117x300.png 117w\" sizes=\"(max-width: 312px) 100vw, 312px\" title=\"\"><\/figure><\/div>\n<\/div>\n<\/div>\n<\/div><\/div>\n\n\n\n<div class=\"wp-block-cover has-background-dim has-parallax alignfull\" style=\"background-image:url(https:\/\/feinsinn.ch\/eu\/wp-content\/uploads\/sites\/2\/2021\/08\/Background1.jpg);background-color:#97a789\"><div class=\"wp-block-cover__inner-container\">\n<div class=\"wp-block-columns\">\n<div class=\"wp-block-column is-vertically-aligned-top\" style=\"flex-basis:60%\">\n<hr class=\"wp-block-separator has-text-color has-background has-white-background-color has-white-color is-style-default\"\/>\n\n\n\n<div class=\"wp-block-group\"><div class=\"wp-block-group__inner-container\">\n<h2 class=\"has-text-align-left\">DIE FEINSINN AZIENDA AGRICOLA<\/h2>\n<\/div><\/div>\n\n\n\n<p class=\"hdm-home-schrift-bg\">\u201eBELLA ITALIA\u201c wollten wir ausprobieren und haben uns in die italienische B\u00fcrokratie gest\u00fcrzt.<\/p>\n\n\n\n<p class=\"hdm-home-schrift-bg\">Die ersten Bilder geben hoffentlich eine Antwort auf die Frage, ob es sich gelohnt hat, die kleinen Unverst\u00e4ndlichkeiten und Absurdit\u00e4ten der Politik und des Beamtentums dieses wundersch\u00f6nen Landes freudig zu Umarmen, um ein Oliven\u00f6l zu produzieren, das sich von anderen unterscheidet.<\/p>\n\n\n\n<ul class=\"wp-block-social-links aligncenter has-huge-icon-size has-icon-color is-style-logos-only\"><li style=\"color: #ffffff; \" class=\"wp-social-link wp-social-link-instagram wp-block-social-link\"><a href=\"https:\/\/www.instagram.com\/feinsinn.ch\/\" aria-label=\"Instagram: https:\/\/www.instagram.com\/feinsinn.ch\/\" rel=\"noopener nofollow\" target=\"_blank\" class=\"wp-block-social-link-anchor\"> <svg width=\"24\" height=\"24\" viewBox=\"0 0 24 24\" version=\"1.1\" xmlns=\"http:\/\/www.w3.org\/2000\/svg\" role=\"img\" aria-hidden=\"true\" focusable=\"false\"><path d=\"M12,4.622c2.403,0,2.688,0.009,3.637,0.052c0.877,0.04,1.354,0.187,1.671,0.31c0.42,0.163,0.72,0.358,1.035,0.673 c0.315,0.315,0.51,0.615,0.673,1.035c0.123,0.317,0.27,0.794,0.31,1.671c0.043,0.949,0.052,1.234,0.052,3.637 s-0.009,2.688-0.052,3.637c-0.04,0.877-0.187,1.354-0.31,1.671c-0.163,0.42-0.358,0.72-0.673,1.035 c-0.315,0.315-0.615,0.51-1.035,0.673c-0.317,0.123-0.794,0.27-1.671,0.31c-0.949,0.043-1.233,0.052-3.637,0.052 s-2.688-0.009-3.637-0.052c-0.877-0.04-1.354-0.187-1.671-0.31c-0.42-0.163-0.72-0.358-1.035-0.673 c-0.315-0.315-0.51-0.615-0.673-1.035c-0.123-0.317-0.27-0.794-0.31-1.671C4.631,14.688,4.622,14.403,4.622,12 s0.009-2.688,0.052-3.637c0.04-0.877,0.187-1.354,0.31-1.671c0.163-0.42,0.358-0.72,0.673-1.035 c0.315-0.315,0.615-0.51,1.035-0.673c0.317-0.123,0.794-0.27,1.671-0.31C9.312,4.631,9.597,4.622,12,4.622 M12,3 C9.556,3,9.249,3.01,8.289,3.054C7.331,3.098,6.677,3.25,6.105,3.472C5.513,3.702,5.011,4.01,4.511,4.511 c-0.5,0.5-0.808,1.002-1.038,1.594C3.25,6.677,3.098,7.331,3.054,8.289C3.01,9.249,3,9.556,3,12c0,2.444,0.01,2.751,0.054,3.711 c0.044,0.958,0.196,1.612,0.418,2.185c0.23,0.592,0.538,1.094,1.038,1.594c0.5,0.5,1.002,0.808,1.594,1.038 c0.572,0.222,1.227,0.375,2.185,0.418C9.249,20.99,9.556,21,12,21s2.751-0.01,3.711-0.054c0.958-0.044,1.612-0.196,2.185-0.418 c0.592-0.23,1.094-0.538,1.594-1.038c0.5-0.5,0.808-1.002,1.038-1.594c0.222-0.572,0.375-1.227,0.418-2.185 C20.99,14.751,21,14.444,21,12s-0.01-2.751-0.054-3.711c-0.044-0.958-0.196-1.612-0.418-2.185c-0.23-0.592-0.538-1.094-1.038-1.594 c-0.5-0.5-1.002-0.808-1.594-1.038c-0.572-0.222-1.227-0.375-2.185-0.418C14.751,3.01,14.444,3,12,3L12,3z M12,7.378 c-2.552,0-4.622,2.069-4.622,4.622S9.448,16.622,12,16.622s4.622-2.069,4.622-4.622S14.552,7.378,12,7.378z M12,15 c-1.657,0-3-1.343-3-3s1.343-3,3-3s3,1.343,3,3S13.657,15,12,15z M16.804,6.116c-0.596,0-1.08,0.484-1.08,1.08 s0.484,1.08,1.08,1.08c0.596,0,1.08-0.484,1.08-1.08S17.401,6.116,16.804,6.116z\"><\/path><\/svg><\/a><\/li><\/ul>\n<\/div>\n\n\n\n<div class=\"wp-block-column is-vertically-aligned-top\" style=\"flex-basis:40%\"><\/div>\n<\/div>\n<\/div><\/div>\n\n\n\n<div class=\"wp-block-cover has-background-dim alignfull hdm-img-mit-rand-white\" style=\"background-color:#97a789\"><div class=\"wp-block-cover__inner-container\">\n<div class=\"wp-block-columns\">\n<div class=\"wp-block-column\">\n<hr class=\"wp-block-separator has-text-color has-background has-white-background-color has-white-color is-style-default\"\/>\n\n\n\n<div class=\"wp-block-group\"><div class=\"wp-block-group__inner-container\">\n<h2>&#8220;ECHTES BIO&#8221;<br>UND WAS WIR UNS<br>DABEI GEDACHT<br>HABEN<\/h2>\n<\/div><\/div>\n\n\n\n<p>Wir haben uns zum Ziel gesetzt ein wertvolles, biologisch gesundes und naturreines Olio Extra Vergine di Oliva (nativ extra) zu produzieren. Auf unserem Olivenhain am Lago di Bolsena werden nur die besten Olivensorten und Oliven geerntet und zu \u00d6l verarbeitet. 95% Canino DOP (Denominazione d\u00b4Origine Protetta \u2013 Gesch\u00fctzte Ursprungsbezeichnung) und ein kleiner Teil Frantoio um den Geschmack abzurunden. Canino ist eine alte Olivensorte mit besonderem Aroma, wird aber wegen der kleinen Frucht und dadurch aufwendigeren Lese seltener neu gepflanzt. Auch bietet sich der speziellere Wuchs weniger gut zur gereihten, engstehenden Monokultur und maschinellen Ernte an. Das Gusto ist daf\u00fcr herausragend.<\/p>\n<\/div>\n\n\n\n<div class=\"wp-block-column\">\n<figure class=\"wp-block-image size-full\"><img loading=\"lazy\" width=\"600\" height=\"569\" src=\"https:\/\/feinsinn.ch\/eu\/wp-content\/uploads\/sites\/2\/2021\/08\/Bildschirmfoto-2020-12-11-um-15.57.54-600x569-1.png\" alt=\"\" class=\"wp-image-512\" srcset=\"https:\/\/feinsinn.ch\/eu\/wp-content\/uploads\/sites\/2\/2021\/08\/Bildschirmfoto-2020-12-11-um-15.57.54-600x569-1.png 600w, https:\/\/feinsinn.ch\/eu\/wp-content\/uploads\/sites\/2\/2021\/08\/Bildschirmfoto-2020-12-11-um-15.57.54-600x569-1-300x285.png 300w\" sizes=\"(max-width: 600px) 100vw, 600px\" title=\"\"><\/figure>\n<\/div>\n<\/div>\n<\/div><\/div>\n\n\n\n<div class=\"wp-block-cover has-background-dim has-parallax has-background-gradient alignfull hdm-img-mit-rand-white\" style=\"background-image:url(https:\/\/feinsinn.ch\/eu\/wp-content\/uploads\/sites\/2\/2021\/08\/seeline.jpg)\"><span aria-hidden=\"true\" class=\"wp-block-cover__gradient-background\" style=\"background:linear-gradient(0deg,rgb(151,167,137) 67%,rgb(151,167,137) 100%)\"><\/span><div class=\"wp-block-cover__inner-container\">\n<div class=\"wp-block-columns alignwide are-vertically-aligned-center\">\n<div class=\"wp-block-column is-vertically-aligned-center\">\n<hr class=\"wp-block-separator has-text-color has-background has-white-background-color has-white-color is-style-default\"\/>\n\n\n\n<div class=\"wp-block-group\"><div class=\"wp-block-group__inner-container\">\n<h2>UNSERE B\u00c4UME UND DAS \u00d6L<\/h2>\n<\/div><\/div>\n<\/div>\n\n\n\n<div class=\"wp-block-column is-vertically-aligned-center\">\n<figure class=\"wp-block-image size-full\"><img loading=\"lazy\" width=\"640\" height=\"640\" src=\"https:\/\/feinsinn.ch\/eu\/wp-content\/uploads\/sites\/2\/2021\/09\/IMG_0131.jpg\" alt=\"\" class=\"wp-image-1519\" srcset=\"https:\/\/feinsinn.ch\/eu\/wp-content\/uploads\/sites\/2\/2021\/09\/IMG_0131.jpg 640w, https:\/\/feinsinn.ch\/eu\/wp-content\/uploads\/sites\/2\/2021\/09\/IMG_0131-300x300.jpg 300w, https:\/\/feinsinn.ch\/eu\/wp-content\/uploads\/sites\/2\/2021\/09\/IMG_0131-150x150.jpg 150w, https:\/\/feinsinn.ch\/eu\/wp-content\/uploads\/sites\/2\/2021\/09\/IMG_0131-600x600.jpg 600w, https:\/\/feinsinn.ch\/eu\/wp-content\/uploads\/sites\/2\/2021\/09\/IMG_0131-100x100.jpg 100w\" sizes=\"(max-width: 640px) 100vw, 640px\" title=\"\"><\/figure>\n\n\n\n<p>Ein mild-fruchtig, im Abgang pikant-w\u00fcrziges Oliven\u00f6l ist das Geschenk f\u00fcr unsere Bem\u00fchungen. Unsere B\u00e4ume sind unbehandelt und naturbelassen, dadurch ist der Ertrag klein und variiert stark von Jahr zu Jahr.<\/p>\n\n\n\n<p>Um die Qualit\u00e4t zu garantieren, nutzen wir ausschlie\u00dflich Oliven von unserem Land. Bei uns gibt es keinen Ankauf von anderen Bauern aus der Region. So k\u00f6nnen wir sicher sein, da\u00df weder k\u00fcnstlich ged\u00fcngt, gespritzt, noch sonstige Hilfsmittel eingesetzt werden, um den Ertrag zu steigern. Wir sind strenger als jedes Bio Label.<\/p>\n<\/div>\n\n\n\n<div class=\"wp-block-column\">\n<p>Unsere Oliven werden von uns liebevoll beim Wachsen beobachtet, eigenh\u00e4ndig gelesen, gereinigt, sortiert, innerhalb weniger Stunden zur \u00d6lm\u00fchle gebracht, &#8220;kalt&#8221; gepresst und auf jedem Schritt bis in die Flasche begleitet. Wir selber stehen unter und auf den Olivenb\u00e4umen, wir suchen das richtige Areal im richtigen Moment zur Ernte aus, wir bringen die Frucht in die \u00d6lm\u00fchle und \u00fcberwachen die Pressung. Ein echtes bio Oliven\u00f6l nativ extra mit all den geschmacklichen und gesundheitsf\u00f6rdernden Vorz\u00fcgen dieser Premiumklasse.<\/p>\n\n\n\n<figure class=\"wp-block-image size-full\"><img loading=\"lazy\" width=\"557\" height=\"557\" src=\"https:\/\/feinsinn.ch\/eu\/wp-content\/uploads\/sites\/2\/2021\/08\/olivengruen.jpg\" alt=\"\" class=\"wp-image-520\" srcset=\"https:\/\/feinsinn.ch\/eu\/wp-content\/uploads\/sites\/2\/2021\/08\/olivengruen.jpg 557w, https:\/\/feinsinn.ch\/eu\/wp-content\/uploads\/sites\/2\/2021\/08\/olivengruen-300x300.jpg 300w, https:\/\/feinsinn.ch\/eu\/wp-content\/uploads\/sites\/2\/2021\/08\/olivengruen-150x150.jpg 150w, https:\/\/feinsinn.ch\/eu\/wp-content\/uploads\/sites\/2\/2021\/08\/olivengruen-100x100.jpg 100w\" sizes=\"(max-width: 557px) 100vw, 557px\" title=\"\"><\/figure>\n<\/div>\n<\/div>\n\n\n\n<div class=\"wp-block-columns alignwide are-vertically-aligned-center\">\n<div class=\"wp-block-column is-vertically-aligned-center\">\n<hr class=\"wp-block-separator has-text-color has-background has-white-background-color has-white-color is-style-default\"\/>\n\n\n\n<div class=\"wp-block-group\"><div class=\"wp-block-group__inner-container\">\n<h2>WO WIR SIND UND WO ES HERKOMMT<\/h2>\n<\/div><\/div>\n<\/div>\n\n\n\n<div class=\"wp-block-column is-vertically-aligned-center\">\n<figure class=\"wp-block-image size-full\"><img loading=\"lazy\" width=\"567\" height=\"567\" src=\"https:\/\/feinsinn.ch\/eu\/wp-content\/uploads\/sites\/2\/2021\/08\/see.jpg\" alt=\"\" class=\"wp-image-521\" srcset=\"https:\/\/feinsinn.ch\/eu\/wp-content\/uploads\/sites\/2\/2021\/08\/see.jpg 567w, https:\/\/feinsinn.ch\/eu\/wp-content\/uploads\/sites\/2\/2021\/08\/see-300x300.jpg 300w, https:\/\/feinsinn.ch\/eu\/wp-content\/uploads\/sites\/2\/2021\/08\/see-150x150.jpg 150w, https:\/\/feinsinn.ch\/eu\/wp-content\/uploads\/sites\/2\/2021\/08\/see-100x100.jpg 100w\" sizes=\"(max-width: 567px) 100vw, 567px\" title=\"\"><\/figure>\n\n\n\n<p>Das Anbaugebiet unseres Oliven\u00f6ls liegt im n\u00f6rdlichen Lazio am Ufer des Lago di Bolsena in der Comune Gradoli. Die Region befindet sich im Herzen des Dreil\u00e4nderecks TOSKANA &#8211; UMBRIEN &#8211; LATIUM. Der See liegt in der vormals vulkanisch aktiven Zone des sogenannten Apparato Vulsinio, ist jedoch selbst kein Kratersee. Entstanden ist er vor sch\u00e4tzungsweise 300.000 Jahren durch den Einsturz unterirdischer Magmakammern. Auf lehmig-steinigen B\u00f6den, ca. 350 Meter \u00fcber dem Meeresspiegel, wachsen unsere Olivenb\u00e4ume am Ufer des Sees heran.<\/p>\n<\/div>\n\n\n\n<div class=\"wp-block-column\">\n<p>Oliven und das aus der Frucht resultierende Oliven\u00f6l werden hier an den H\u00e4ngen rund um den See schon seit jahrtausenden angebaut. Die ideale H\u00f6henlage, die besonderen B\u00f6den und das seit Generationen weitervermittelte Wissen lassen hier in der Region besonderes Oliven\u00f6l entstehen. Schon die Etrusker und R\u00f6mer wussten, warum dieses eines ihrer Hauptanbaugebiete f\u00fcr die Oliven\u00f6lgewinnung war. Biologisch-Nat\u00fcrlich, ohne chemische D\u00fcngung, Pestizide oder k\u00fcnstlicher Bew\u00e4sserung, genie\u00dfen unsere zum Teil mehr als hundertj\u00e4hrigen Olivenb\u00e4ume die Sonne um eines der herausragendsten Oliven\u00f6le Italiens zu produzieren.<\/p>\n\n\n\n<figure class=\"wp-block-image size-full\"><img loading=\"lazy\" width=\"600\" height=\"600\" src=\"https:\/\/feinsinn.ch\/eu\/wp-content\/uploads\/sites\/2\/2021\/08\/treeonahill.jpg\" alt=\"\" class=\"wp-image-522\" srcset=\"https:\/\/feinsinn.ch\/eu\/wp-content\/uploads\/sites\/2\/2021\/08\/treeonahill.jpg 600w, https:\/\/feinsinn.ch\/eu\/wp-content\/uploads\/sites\/2\/2021\/08\/treeonahill-300x300.jpg 300w, https:\/\/feinsinn.ch\/eu\/wp-content\/uploads\/sites\/2\/2021\/08\/treeonahill-150x150.jpg 150w, https:\/\/feinsinn.ch\/eu\/wp-content\/uploads\/sites\/2\/2021\/08\/treeonahill-100x100.jpg 100w\" sizes=\"(max-width: 600px) 100vw, 600px\" title=\"\"><\/figure>\n<\/div>\n<\/div>\n\n\n\n<div class=\"wp-block-columns alignwide are-vertically-aligned-center\">\n<div class=\"wp-block-column is-vertically-aligned-center\">\n<hr class=\"wp-block-separator has-text-color has-background has-white-background-color has-white-color is-style-default\"\/>\n\n\n\n<div class=\"wp-block-group\"><div class=\"wp-block-group__inner-container\">\n<h2>WISSEN WAS MAN KAUFT<\/h2>\n<\/div><\/div>\n<\/div>\n\n\n\n<div class=\"wp-block-column is-vertically-aligned-center\">\n<figure class=\"wp-block-image size-full\"><img loading=\"lazy\" width=\"600\" height=\"600\" src=\"https:\/\/feinsinn.ch\/eu\/wp-content\/uploads\/sites\/2\/2021\/08\/11BA8BA3-4971-4861-82E6-1140CBEC8E57-600x600-1.jpg\" alt=\"\" class=\"wp-image-585\" srcset=\"https:\/\/feinsinn.ch\/eu\/wp-content\/uploads\/sites\/2\/2021\/08\/11BA8BA3-4971-4861-82E6-1140CBEC8E57-600x600-1.jpg 600w, https:\/\/feinsinn.ch\/eu\/wp-content\/uploads\/sites\/2\/2021\/08\/11BA8BA3-4971-4861-82E6-1140CBEC8E57-600x600-1-300x300.jpg 300w, https:\/\/feinsinn.ch\/eu\/wp-content\/uploads\/sites\/2\/2021\/08\/11BA8BA3-4971-4861-82E6-1140CBEC8E57-600x600-1-150x150.jpg 150w, https:\/\/feinsinn.ch\/eu\/wp-content\/uploads\/sites\/2\/2021\/08\/11BA8BA3-4971-4861-82E6-1140CBEC8E57-600x600-1-100x100.jpg 100w\" sizes=\"(max-width: 600px) 100vw, 600px\" title=\"\"><\/figure>\n\n\n\n<p>Ein Gro\u00dfteil der Oliven\u00f6le, die in den M\u00e4rkten die Regale f\u00fcllen, sind \u2013 laut Etikett \u2013 hochwertig Extra Vergine. Das meiste Oliven\u00f6l das \u00d6lm\u00fchlen verl\u00e4\u00dft ist jedoch zum Gro\u00dfteil Lampant\u00f6l, bestenfalls noch einfaches natives Oliven\u00f6l. Dieses minderwertige \u00d6l wird dann von verschiedenen, auch namhaften, Herstellern mit teilhydrierten \u00d6len (z.B. auch Soja\u00f6l, Sonnenblumen\u00f6l oder Raps\u00f6l) vermischt, oder direkt unter Hitzeeinwirkung mit Wasserstoff und bestimmten Chemikalien behandelt und konserviert. Auch l\u00e4sst sich auf diese Weise der ranzige Geruch entfernen und ein geschmacklich neutrales \u00d6l fabrizieren. Dieses Gemisch wird dann wiederum mit einem kleinen Teil h\u00f6herwertigeren Oliven\u00f6ls zusammengef\u00fchrt, um dem unerfahrenen Genie\u00dfer das Gusto Extra Vergine vorzugaukeln. Da dieses Produkt recht billig ist, was dem \u00d6lhersteller nutzt, aber gleichzeitig ungesund ist, was wiederum ein klarer Nachteil f\u00fcr den Verbraucher ist, wird meist nur zum Teil hydriert, um eine Art Kompromi\u00df zwischen Konservierung, Geschmack und Gesundheitssch\u00e4dlichkeit zu finden.<\/p>\n<\/div>\n\n\n\n<div class=\"wp-block-column\">\n<p>Auch ist es nicht gesetzlich vorgeschrieben, da\u00df der Hinweis auf eine Hydrierung auf dem Etikett erscheinen mu\u00df, solange der Anteil unter einem bestimmten Prozentsatz liegt. Dieser Konsumentenbetrug bei Oliven\u00f6l ist keine Seltenheit, sondern vollkommen normal &#8211; und zum Teil legal. Die chemischen Grenzwerte und Normen f\u00fcr Oliven\u00f6l extra nativ sind in der EU so niedrig festgelegt, dass es f\u00fcr einen Lebensmittelchemiker keine gro\u00dfe Herausforderung darstellt, eine entsprechende \u00d6lmischung labortechnisch herzustellen. Auch die Definition &#8220;Made in Italy&#8221;, &#8220;Olio di Oliva d\u00b4Italia&#8221;, &#8220;100% Italiano&#8221; und sonstige gerne rot hinterlegten Herkunftsbezeichnungen sind relativ. Bei fast allen in den Superm\u00e4rkten erh\u00e4ltlichen Oliven\u00f6len sind griechische, marokkanische oder spanische Anteile zugef\u00fcgt. Bis zu einer bestimmten Menge ist das rechtlich gestattet. Ganz Italien k\u00f6nnte die weltweit insgesamt erh\u00e4ltliche Menge die als rein italienischer Herkunft deklariert ist nicht mal ansatzweise produzieren.<\/p>\n\n\n\n<figure class=\"wp-block-image size-full\"><img loading=\"lazy\" width=\"600\" height=\"600\" src=\"https:\/\/feinsinn.ch\/eu\/wp-content\/uploads\/sites\/2\/2021\/08\/EFED5BD7-2B86-4ED7-868B-FEDAE4284E6A-2-600x600-1.jpg\" alt=\"\" class=\"wp-image-586\" srcset=\"https:\/\/feinsinn.ch\/eu\/wp-content\/uploads\/sites\/2\/2021\/08\/EFED5BD7-2B86-4ED7-868B-FEDAE4284E6A-2-600x600-1.jpg 600w, https:\/\/feinsinn.ch\/eu\/wp-content\/uploads\/sites\/2\/2021\/08\/EFED5BD7-2B86-4ED7-868B-FEDAE4284E6A-2-600x600-1-300x300.jpg 300w, https:\/\/feinsinn.ch\/eu\/wp-content\/uploads\/sites\/2\/2021\/08\/EFED5BD7-2B86-4ED7-868B-FEDAE4284E6A-2-600x600-1-150x150.jpg 150w, https:\/\/feinsinn.ch\/eu\/wp-content\/uploads\/sites\/2\/2021\/08\/EFED5BD7-2B86-4ED7-868B-FEDAE4284E6A-2-600x600-1-100x100.jpg 100w\" sizes=\"(max-width: 600px) 100vw, 600px\" title=\"\"><\/figure>\n<\/div>\n<\/div>\n<\/div><\/div>\n\n\n\n<div class=\"wp-block-cover has-background-dim alignfull hdm-img-mit-rand-white\" style=\"background-color:#97a789\"><div class=\"wp-block-cover__inner-container\">\n<div class=\"wp-block-columns\">\n<div class=\"wp-block-column\" style=\"flex-basis:40%\">\n<hr class=\"wp-block-separator has-text-color has-background has-white-background-color has-white-color is-style-default\"\/>\n\n\n\n<div class=\"wp-block-group\"><div class=\"wp-block-group__inner-container\">\n<h2>WIR DANKEN EUCH<\/h2>\n\n\n\n<ul class=\"wp-block-social-links aligncenter has-huge-icon-size has-icon-color is-style-logos-only\"><li style=\"color: #ffffff; \" class=\"wp-social-link wp-social-link-instagram wp-block-social-link\"><a href=\"https:\/\/www.instagram.com\/feinsinn.ch\/\" aria-label=\"Instagram: https:\/\/www.instagram.com\/feinsinn.ch\/\" rel=\"noopener nofollow\" target=\"_blank\" class=\"wp-block-social-link-anchor\"> <svg width=\"24\" height=\"24\" viewBox=\"0 0 24 24\" version=\"1.1\" xmlns=\"http:\/\/www.w3.org\/2000\/svg\" role=\"img\" aria-hidden=\"true\" focusable=\"false\"><path d=\"M12,4.622c2.403,0,2.688,0.009,3.637,0.052c0.877,0.04,1.354,0.187,1.671,0.31c0.42,0.163,0.72,0.358,1.035,0.673 c0.315,0.315,0.51,0.615,0.673,1.035c0.123,0.317,0.27,0.794,0.31,1.671c0.043,0.949,0.052,1.234,0.052,3.637 s-0.009,2.688-0.052,3.637c-0.04,0.877-0.187,1.354-0.31,1.671c-0.163,0.42-0.358,0.72-0.673,1.035 c-0.315,0.315-0.615,0.51-1.035,0.673c-0.317,0.123-0.794,0.27-1.671,0.31c-0.949,0.043-1.233,0.052-3.637,0.052 s-2.688-0.009-3.637-0.052c-0.877-0.04-1.354-0.187-1.671-0.31c-0.42-0.163-0.72-0.358-1.035-0.673 c-0.315-0.315-0.51-0.615-0.673-1.035c-0.123-0.317-0.27-0.794-0.31-1.671C4.631,14.688,4.622,14.403,4.622,12 s0.009-2.688,0.052-3.637c0.04-0.877,0.187-1.354,0.31-1.671c0.163-0.42,0.358-0.72,0.673-1.035 c0.315-0.315,0.615-0.51,1.035-0.673c0.317-0.123,0.794-0.27,1.671-0.31C9.312,4.631,9.597,4.622,12,4.622 M12,3 C9.556,3,9.249,3.01,8.289,3.054C7.331,3.098,6.677,3.25,6.105,3.472C5.513,3.702,5.011,4.01,4.511,4.511 c-0.5,0.5-0.808,1.002-1.038,1.594C3.25,6.677,3.098,7.331,3.054,8.289C3.01,9.249,3,9.556,3,12c0,2.444,0.01,2.751,0.054,3.711 c0.044,0.958,0.196,1.612,0.418,2.185c0.23,0.592,0.538,1.094,1.038,1.594c0.5,0.5,1.002,0.808,1.594,1.038 c0.572,0.222,1.227,0.375,2.185,0.418C9.249,20.99,9.556,21,12,21s2.751-0.01,3.711-0.054c0.958-0.044,1.612-0.196,2.185-0.418 c0.592-0.23,1.094-0.538,1.594-1.038c0.5-0.5,0.808-1.002,1.038-1.594c0.222-0.572,0.375-1.227,0.418-2.185 C20.99,14.751,21,14.444,21,12s-0.01-2.751-0.054-3.711c-0.044-0.958-0.196-1.612-0.418-2.185c-0.23-0.592-0.538-1.094-1.038-1.594 c-0.5-0.5-1.002-0.808-1.594-1.038c-0.572-0.222-1.227-0.375-2.185-0.418C14.751,3.01,14.444,3,12,3L12,3z M12,7.378 c-2.552,0-4.622,2.069-4.622,4.622S9.448,16.622,12,16.622s4.622-2.069,4.622-4.622S14.552,7.378,12,7.378z M12,15 c-1.657,0-3-1.343-3-3s1.343-3,3-3s3,1.343,3,3S13.657,15,12,15z M16.804,6.116c-0.596,0-1.08,0.484-1.08,1.08 s0.484,1.08,1.08,1.08c0.596,0,1.08-0.484,1.08-1.08S17.401,6.116,16.804,6.116z\"><\/path><\/svg><\/a><\/li><\/ul>\n<\/div><\/div>\n<\/div>\n\n\n\n<div class=\"wp-block-column is-vertically-aligned-center\" style=\"flex-basis:60%\">\n<div class=\"wp-block-uagb-testimonial uagb-testomonial__outer-wrap uagb-slick-carousel uagb-tm__arrow-outside uagb-block-8994443f\"><div class=\"is-carousel uagb-tm__columns-1 uagb-tm__items\"><div class=\"uagb-testimonial__wrap  uagb-tm__imgicon-style-circle uagb-tm__image-position-bottom uagb-tm__bg-type-none \"><div class=\"uagb-tm__content\"><div class=\"uagb-tm__overlay\"><\/div><div class=\"uagb-tm__text-wrap\"><div class=\"uagb-testinomial-text-wrap\"><div class=\"uagb-tm__desc\">Das waren die entspanntesten Ferien die wir jemals verbracht haben und wir freuen uns schon aufs n\u00e4chste mal. Es war zwar ein wenig &#8220;winterlich&#8221; zum Teil, aber trotzdem sehr relaxed.<\/div><\/div><div class=\"uagb-tm__meta\"><div class=\"uagb-tm__meta-inner\"><div class=\"uagb-testimonial-details\"><span class=\"uagb-tm__author-name\">Sean und Isabelle<\/span><span class=\"uagb-tm__company\"><\/span><\/div><\/div><\/div><\/div><\/div><\/div><div class=\"uagb-testimonial__wrap  uagb-tm__imgicon-style-circle uagb-tm__image-position-bottom uagb-tm__bg-type-none \"><div class=\"uagb-tm__content\"><div class=\"uagb-tm__overlay\"><\/div><div class=\"uagb-tm__text-wrap\"><div class=\"uagb-testinomial-text-wrap\"><div class=\"uagb-tm__desc\">Das war einfach gut. Der Lago di Bolsena ist sehenswert und glasklar. Konnte bei 10m noch bis zum Boden schauen. Der Fr\u00fchling war wundersch\u00f6n dieses Jahr und der Zirkuswagen ist etwas ganz besonderes. Alles da was es braucht und richtig h\u00fcbsch. Ganz ganz toll. Liebe Gr\u00fc\u00dfe<\/div><\/div><div class=\"uagb-tm__meta\"><div class=\"uagb-tm__meta-inner\"><div class=\"uagb-testimonial-details\"><span class=\"uagb-tm__author-name\">Julia<\/span><span class=\"uagb-tm__company\"><\/span><\/div><\/div><\/div><\/div><\/div><\/div><div class=\"uagb-testimonial__wrap  uagb-tm__imgicon-style-circle uagb-tm__image-position-bottom uagb-tm__bg-type-none \"><div class=\"uagb-tm__content\"><div class=\"uagb-tm__overlay\"><\/div><div class=\"uagb-tm__text-wrap\"><div class=\"uagb-testinomial-text-wrap\"><div class=\"uagb-tm__desc\">soooo yummie. Danke euch. Werde nie mehr im Supermarkt kaufen.<\/div><\/div><div class=\"uagb-tm__meta\"><div class=\"uagb-tm__meta-inner\"><div class=\"uagb-testimonial-details\"><span class=\"uagb-tm__author-name\">Sophia <\/span><span class=\"uagb-tm__company\"><\/span><\/div><\/div><\/div><\/div><\/div><\/div><div class=\"uagb-testimonial__wrap  uagb-tm__imgicon-style-circle uagb-tm__image-position-bottom uagb-tm__bg-type-none \"><div class=\"uagb-tm__content\"><div class=\"uagb-tm__overlay\"><\/div><div class=\"uagb-tm__text-wrap\"><div class=\"uagb-testinomial-text-wrap\"><div class=\"uagb-tm__desc\">Die Olivenernte hat richtig Spa\u00df gemacht. Anstrengend aber gut. Werde n\u00e4chstes Jahr wieder dabei sein, wenn ihr Platz habt! Ahoi<\/div><\/div><div class=\"uagb-tm__meta\"><div class=\"uagb-tm__meta-inner\"><div class=\"uagb-testimonial-details\"><span class=\"uagb-tm__author-name\">Gunnar<\/span><span class=\"uagb-tm__company\"><\/span><\/div><\/div><\/div><\/div><\/div><\/div><div class=\"uagb-testimonial__wrap  uagb-tm__imgicon-style-circle uagb-tm__image-position-bottom uagb-tm__bg-type-none \"><div class=\"uagb-tm__content\"><div class=\"uagb-tm__overlay\"><\/div><div class=\"uagb-tm__text-wrap\"><div class=\"uagb-testinomial-text-wrap\"><div class=\"uagb-tm__desc\">Euer \u00d6l ist gro\u00dfartig! Ich wusste vorher gar nicht, wie Oliven\u00f6l in echt schmeckt. Das so viel gepanscht wird hatte ich auch nicht vermutet. Werde wieder bei euch bestellen.<\/div><\/div><div class=\"uagb-tm__meta\"><div class=\"uagb-tm__meta-inner\"><div class=\"uagb-testimonial-details\"><span class=\"uagb-tm__author-name\">Christoph<\/span><span class=\"uagb-tm__company\"><\/span><\/div><\/div><\/div><\/div><\/div><\/div><div class=\"uagb-testimonial__wrap  uagb-tm__imgicon-style-circle uagb-tm__image-position-bottom uagb-tm__bg-type-none \"><div class=\"uagb-tm__content\"><div class=\"uagb-tm__overlay\"><\/div><div class=\"uagb-tm__text-wrap\"><div class=\"uagb-testinomial-text-wrap\"><div class=\"uagb-tm__desc\">Das \u00d6l ist Spitze, vielen Dank! Gr\u00fc\u00dfe J\u00f6rg<\/div><\/div><div class=\"uagb-tm__meta\"><div class=\"uagb-tm__meta-inner\"><div class=\"uagb-testimonial-details\"><span class=\"uagb-tm__author-name\">J\u00f6rg<\/span><span class=\"uagb-tm__company\"><\/span><\/div><\/div><\/div><\/div><\/div><\/div><div class=\"uagb-testimonial__wrap  uagb-tm__imgicon-style-circle uagb-tm__image-position-bottom uagb-tm__bg-type-none \"><div class=\"uagb-tm__content\"><div class=\"uagb-tm__overlay\"><\/div><div class=\"uagb-tm__text-wrap\"><div class=\"uagb-testinomial-text-wrap\"><div class=\"uagb-tm__desc\">ich wurde von martin(hudson)eingeladen das olio zu degustieren..als tshing mit einem exelenten gaumen fand ich das olio molto delicioso\u2026leider geitz er damit\u2026\u2026..<\/div><\/div><div class=\"uagb-tm__meta\"><div class=\"uagb-tm__meta-inner\"><div class=\"uagb-testimonial-details\"><span class=\"uagb-tm__author-name\">Flavio<\/span><span class=\"uagb-tm__company\"><\/span><\/div><\/div><\/div><\/div><\/div><\/div><div class=\"uagb-testimonial__wrap  uagb-tm__imgicon-style-circle uagb-tm__image-position-bottom uagb-tm__bg-type-none \"><div class=\"uagb-tm__content\"><div class=\"uagb-tm__overlay\"><\/div><div class=\"uagb-tm__text-wrap\"><div class=\"uagb-testinomial-text-wrap\"><div class=\"uagb-tm__desc\">und wieder mal ein interessanter Artikel.<br><br><a href=\"http:\/\/www.nzz.ch\/nzzas\/nzz-am-sonntag\/ein-schmieriges-geschaeft-ld.2858\" target=\"_blank\" rel=\"noreferrer noopener\">http:\/\/www.nzz.ch\/nzzas\/nzz-am-sonntag\/ein-schmieriges-geschaeft-ld.2858<\/a><\/div><\/div><div class=\"uagb-tm__meta\"><div class=\"uagb-tm__meta-inner\"><div class=\"uagb-testimonial-details\"><span class=\"uagb-tm__author-name\">Tobi<\/span><span class=\"uagb-tm__company\"><\/span><\/div><\/div><\/div><\/div><\/div><\/div><\/div><\/div>\n<\/div>\n<\/div>\n\n\n\n<div class=\"wp-block-uagb-buttons uagb-buttons__outer-wrap uagb-block-c546992e\"><div class=\"uagb-buttons__wrap uagb-buttons-layout-wrap\">\n<div class=\"wp-block-uagb-buttons-child uagb-buttons__outer-wrap uagb-block-aa677429\"><div class=\"uagb-button__wrapper\"><a class=\"uagb-buttons-repeater\" href=\"https:\/\/feinsinn.ch\/eu\/biologisches-olivenoel\/\" rel=\"noopener noreferrer\" target=\"_self\"><div class=\"uagb-button__link\">ZUM SHOP<\/div><span class=\"uagb-button__icon uagb-button__icon-position-after\"><svg xmlns=\"http:\/\/www.w3.org\/2000\/svg\" viewbox=\"0 0 576 512\"><path d=\"M528.12 301.319l47.273-208C578.806 78.301 567.391 64 551.99 64H159.208l-9.166-44.81C147.758 8.021 137.93 0 126.529 0H24C10.745 0 0 10.745 0 24v16c0 13.255 10.745 24 24 24h69.883l70.248 343.435C147.325 417.1 136 435.222 136 456c0 30.928 25.072 56 56 56s56-25.072 56-56c0-15.674-6.447-29.835-16.824-40h209.647C430.447 426.165 424 440.326 424 456c0 30.928 25.072 56 56 56s56-25.072 56-56c0-22.172-12.888-41.332-31.579-50.405l5.517-24.276c3.413-15.018-8.002-29.319-23.403-29.319H218.117l-6.545-32h293.145c11.206 0 20.92-7.754 23.403-18.681z\"><\/path><\/svg><\/span><\/a><\/div><\/div>\n\n\n\n<div class=\"wp-block-uagb-buttons-child uagb-buttons__outer-wrap uagb-block-08eb1c9d\"><div class=\"uagb-button__wrapper\"><a class=\"uagb-buttons-repeater\" href=\"#\" rel=\"noopener noreferrer\" target=\"_self\"><div class=\"uagb-button__link\">NACH OBEN<\/div><span class=\"uagb-button__icon uagb-button__icon-position-after\"><svg xmlns=\"http:\/\/www.w3.org\/2000\/svg\" viewbox=\"0 0 448 512\"><path d=\"M34.9 289.5l-22.2-22.2c-9.4-9.4-9.4-24.6 0-33.9L207 39c9.4-9.4 24.6-9.4 33.9 0l194.3 194.3c9.4 9.4 9.4 24.6 0 33.9L413 289.4c-9.5 9.5-25 9.3-34.3-.4L264 168.6V456c0 13.3-10.7 24-24 24h-32c-13.3 0-24-10.7-24-24V168.6L69.2 289.1c-9.3 9.8-24.8 10-34.3.4z\"><\/path><\/svg><\/span><\/a><\/div><\/div>\n<\/div><\/div>\n<\/div><\/div>\n","protected":false},"excerpt":{"rendered":"","protected":false},"author":1,"featured_media":0,"parent":0,"menu_order":0,"comment_status":"closed","ping_status":"closed","template":"","meta":[],"uagb_featured_image_src":{"full":false,"thumbnail":false,"medium":false,"medium_large":false,"large":false,"1536x1536":false,"2048x2048":false,"mailpoet_newsletter_max":false,"woocommerce_thumbnail":false,"woocommerce_single":false,"woocommerce_gallery_thumbnail":false,"shop_catalog":false,"shop_single":false,"shop_thumbnail":false},"uagb_author_info":{"display_name":"Holger","author_link":"https:\/\/feinsinn.ch\/eu\/blog\/author\/holle\/"},"uagb_comment_info":0,"uagb_excerpt":null,"_links":{"self":[{"href":"https:\/\/feinsinn.ch\/eu\/wp-json\/wp\/v2\/pages\/312"}],"collection":[{"href":"https:\/\/feinsinn.ch\/eu\/wp-json\/wp\/v2\/pages"}],"about":[{"href":"https:\/\/feinsinn.ch\/eu\/wp-json\/wp\/v2\/types\/page"}],"author":[{"embeddable":true,"href":"https:\/\/feinsinn.ch\/eu\/wp-json\/wp\/v2\/users\/1"}],"replies":[{"embeddable":true,"href":"https:\/\/feinsinn.ch\/eu\/wp-json\/wp\/v2\/comments?post=312"}],"version-history":[{"count":2,"href":"https:\/\/feinsinn.ch\/eu\/wp-json\/wp\/v2\/pages\/312\/revisions"}],"predecessor-version":[{"id":1789,"href":"https:\/\/feinsinn.ch\/eu\/wp-json\/wp\/v2\/pages\/312\/revisions\/1789"}],"wp:attachment":[{"href":"https:\/\/feinsinn.ch\/eu\/wp-json\/wp\/v2\/media?parent=312"}],"curies":[{"name":"wp","href":"https:\/\/api.w.org\/{rel}","templated":true}]}}